{"id":27,"date":"2023-09-27T20:29:38","date_gmt":"2023-09-27T18:29:38","guid":{"rendered":"http:\/\/www.liederkranz-strassdorf.de\/wp\/?page_id=27"},"modified":"2024-01-18T16:13:51","modified_gmt":"2024-01-18T15:13:51","slug":"termine","status":"publish","type":"page","link":"https:\/\/www.liederkranz-strassdorf.de\/wp\/termine\/","title":{"rendered":"Termine"},"content":{"rendered":"\n<p><\/p>\n\n\n\n<h4 class=\"wp-block-heading\">Unsere n\u00e4chsten Termine und Veranstaltungen<\/h4>\n\n\n<div class=\"widget widget_em_widget\"><div class=\"em pixelbones em-list-widget em-events-widget\"><br \/>\n<div class=\"em-item em-event\" style=\"--default-border:#a8d144;\">\n\t<div class=\"em-item-image has-placeholder\" style=\"max-width:120px\">\n\t\t\n\t\t\n\t\t<div class=\"em-item-image-placeholder\">\n\t\t\t<div class=\"date\">\n\t\t\t\t<span class=\"day\">21<\/span>\n\t\t\t\t<span class=\"month\">Juni<\/span>\n\t\t\t<\/div>\n\t\t<\/div>\n\t\t\n\t<\/div>\n\t<div class=\"em-item-info\">\n\t\t<div class=\"em-item-name\"><a href=\"https:\/\/www.liederkranz-strassdorf.de\/wp\/veranstaltungen\/teilnahme-am-festzug-jubilaeum-mv-zimmerbach-concordia-durlangen\/\">Teilnahme am Festzug  Jubil\u00e4um MV Zimmerbach + Concordia Durlangen<\/a><\/div>\n\t\t<div class=\"em-item-meta\">\n\t\t\t<div class=\"em-item-meta-line em-event-date em-event-meta-datetime\">\n\t\t\t\t<span class=\"em-icon em-icon-calendar\"><\/span>\n\t\t\t\t<span>21 Juni 26<\/span>\n\t\t\t<\/div>\n\t\t\t<div class=\"em-item-meta-line em-event-location em-event-meta-location\">\n\t\t\t\t<span class=\"em-icon em-icon-location\"><\/span>\n\t\t\t\t<span>Durlangen<\/span>\n\t\t\t<\/div>\n\t\t<\/div>\n\t<\/div>\n<\/div><br \/>\n<div class=\"em-item em-event\" style=\"--default-border:#a8d144;\">\n\t<div class=\"em-item-image has-placeholder\" style=\"max-width:120px\">\n\t\t\n\t\t\n\t\t<div class=\"em-item-image-placeholder\">\n\t\t\t<div class=\"date\">\n\t\t\t\t<span class=\"day\">27<\/span>\n\t\t\t\t<span class=\"month\">Juni<\/span>\n\t\t\t<\/div>\n\t\t<\/div>\n\t\t\n\t<\/div>\n\t<div class=\"em-item-info\">\n\t\t<div class=\"em-item-name\"><a href=\"https:\/\/www.liederkranz-strassdorf.de\/wp\/veranstaltungen\/serenade-mit-anschl-gartenfest-2\/\">Serenade (mit anschl. Gartenfest)<\/a><\/div>\n\t\t<div class=\"em-item-meta\">\n\t\t\t<div class=\"em-item-meta-line em-event-date em-event-meta-datetime\">\n\t\t\t\t<span class=\"em-icon em-icon-calendar\"><\/span>\n\t\t\t\t<span>27 Juni 26<\/span>\n\t\t\t<\/div>\n\t\t\t<div class=\"em-item-meta-line em-event-location em-event-meta-location\">\n\t\t\t\t<span class=\"em-icon em-icon-location\"><\/span>\n\t\t\t\t<span>Schw\u00e4bisch Gm\u00fcnd &#8211; Stra\u00dfdorf<\/span>\n\t\t\t<\/div>\n\t\t<\/div>\n\t<\/div>\n<\/div><br \/>\n<div class=\"em-item em-event\" style=\"--default-border:#a8d144;\">\n\t<div class=\"em-item-image has-placeholder\" style=\"max-width:120px\">\n\t\t\n\t\t\n\t\t<div class=\"em-item-image-placeholder\">\n\t\t\t<div class=\"date\">\n\t\t\t\t<span class=\"day\">18<\/span>\n\t\t\t\t<span class=\"month\">Okt.<\/span>\n\t\t\t<\/div>\n\t\t<\/div>\n\t\t\n\t<\/div>\n\t<div class=\"em-item-info\">\n\t\t<div class=\"em-item-name\"><a href=\"https:\/\/www.liederkranz-strassdorf.de\/wp\/veranstaltungen\/stimmbaend-geburtstagsstaendchen-4\/\">Stimmb\u00e4nd: Geburtstagsst\u00e4ndchen<\/a><\/div>\n\t\t<div class=\"em-item-meta\">\n\t\t\t<div class=\"em-item-meta-line em-event-date em-event-meta-datetime\">\n\t\t\t\t<span class=\"em-icon em-icon-calendar\"><\/span>\n\t\t\t\t<span>18 Okt. 26<\/span>\n\t\t\t<\/div>\n\t\t\t<div class=\"em-item-meta-line em-event-location em-event-meta-location\">\n\t\t\t\t<span class=\"em-icon em-icon-location\"><\/span>\n\t\t\t\t<span>Schw\u00e4bisch Gm\u00fcnd &#8211; Stra\u00dfdorf<\/span>\n\t\t\t<\/div>\n\t\t<\/div>\n\t<\/div>\n<\/div><br \/>\n<div class=\"em-item em-event\" style=\"--default-border:#a8d144;\">\n\t<div class=\"em-item-image has-placeholder\" style=\"max-width:120px\">\n\t\t\n\t\t\n\t\t<div class=\"em-item-image-placeholder\">\n\t\t\t<div class=\"date\">\n\t\t\t\t<span class=\"day\">24<\/span>\n\t\t\t\t<span class=\"month\">Okt.<\/span>\n\t\t\t<\/div>\n\t\t<\/div>\n\t\t\n\t<\/div>\n\t<div class=\"em-item-info\">\n\t\t<div class=\"em-item-name\"><a href=\"https:\/\/www.liederkranz-strassdorf.de\/wp\/veranstaltungen\/schwabencomedy\/\">Schwaben-Comedy<\/a><\/div>\n\t\t<div class=\"em-item-meta\">\n\t\t\t<div class=\"em-item-meta-line em-event-date em-event-meta-datetime\">\n\t\t\t\t<span class=\"em-icon em-icon-calendar\"><\/span>\n\t\t\t\t<span>24 Okt. 26<\/span>\n\t\t\t<\/div>\n\t\t\t<div class=\"em-item-meta-line em-event-location em-event-meta-location\">\n\t\t\t\t<span class=\"em-icon em-icon-location\"><\/span>\n\t\t\t\t<span>Schw\u00e4bisch Gm\u00fcnd &#8211; Stra\u00dfdorf<\/span>\n\t\t\t<\/div>\n\t\t<\/div>\n\t<\/div>\n<\/div><br \/>\n<div class=\"em-item em-event\" style=\"--default-border:#a8d144;\">\n\t<div class=\"em-item-image has-placeholder\" style=\"max-width:120px\">\n\t\t\n\t\t\n\t\t<div class=\"em-item-image-placeholder\">\n\t\t\t<div class=\"date\">\n\t\t\t\t<span class=\"day\">15<\/span>\n\t\t\t\t<span class=\"month\">Nov.<\/span>\n\t\t\t<\/div>\n\t\t<\/div>\n\t\t\n\t<\/div>\n\t<div class=\"em-item-info\">\n\t\t<div class=\"em-item-name\"><a href=\"https:\/\/www.liederkranz-strassdorf.de\/wp\/veranstaltungen\/gesamtchor-gestaltung-volkstrauertag-2\/\">Gesamtchor: Gestaltung Volkstrauertag<\/a><\/div>\n\t\t<div class=\"em-item-meta\">\n\t\t\t<div class=\"em-item-meta-line em-event-date em-event-meta-datetime\">\n\t\t\t\t<span class=\"em-icon em-icon-calendar\"><\/span>\n\t\t\t\t<span>15 Nov. 26<\/span>\n\t\t\t<\/div>\n\t\t\t<div class=\"em-item-meta-line em-event-location em-event-meta-location\">\n\t\t\t\t<span class=\"em-icon em-icon-location\"><\/span>\n\t\t\t\t<span>Schw\u00e4bisch Gm\u00fcnd &#8211; Stra\u00dfdorf<\/span>\n\t\t\t<\/div>\n\t\t<\/div>\n\t<\/div>\n<\/div><br \/>\n<div class=\"em-item em-event\" style=\"--default-border:#a8d144;\">\n\t<div class=\"em-item-image has-placeholder\" style=\"max-width:120px\">\n\t\t\n\t\t\n\t\t<div class=\"em-item-image-placeholder\">\n\t\t\t<div class=\"date\">\n\t\t\t\t<span class=\"day\">28<\/span>\n\t\t\t\t<span class=\"month\">Nov.<\/span>\n\t\t\t<\/div>\n\t\t<\/div>\n\t\t\n\t<\/div>\n\t<div class=\"em-item-info\">\n\t\t<div class=\"em-item-name\"><a href=\"https:\/\/www.liederkranz-strassdorf.de\/wp\/veranstaltungen\/stimmbaend-mitwirkung-beim-jubilaeumskonzert-des-liederkranz-waeschenbeuren\/\">Stimmb\u00e4nd: Mitwirkung beim Jubil\u00e4umskonzert des Liederkranz W\u00e4schenbeuren<\/a><\/div>\n\t\t<div class=\"em-item-meta\">\n\t\t\t<div class=\"em-item-meta-line em-event-date em-event-meta-datetime\">\n\t\t\t\t<span class=\"em-icon em-icon-calendar\"><\/span>\n\t\t\t\t<span>28 Nov. 26<\/span>\n\t\t\t<\/div>\n\t\t\t<div class=\"em-item-meta-line em-event-location em-event-meta-location\">\n\t\t\t\t<span class=\"em-icon em-icon-location\"><\/span>\n\t\t\t\t<span>W\u00e4schenbeuren<\/span>\n\t\t\t<\/div>\n\t\t<\/div>\n\t<\/div>\n<\/div><br \/>\n<div class=\"em-item em-event\" style=\"--default-border:#a8d144;\">\n\t<div class=\"em-item-image has-placeholder\" style=\"max-width:120px\">\n\t\t\n\t\t\n\t\t<div class=\"em-item-image-placeholder\">\n\t\t\t<div class=\"date\">\n\t\t\t\t<span class=\"day\">26<\/span>\n\t\t\t\t<span class=\"month\">Dez.<\/span>\n\t\t\t<\/div>\n\t\t<\/div>\n\t\t\n\t<\/div>\n\t<div class=\"em-item-info\">\n\t\t<div class=\"em-item-name\"><a href=\"https:\/\/www.liederkranz-strassdorf.de\/wp\/veranstaltungen\/gesamtchor-gottesdienstgestaltung-im-evang-gemeindehaus-2\/\">Gesamtchor: Gottesdienstgestaltung im evang. Gemeindehaus<\/a><\/div>\n\t\t<div class=\"em-item-meta\">\n\t\t\t<div class=\"em-item-meta-line em-event-date em-event-meta-datetime\">\n\t\t\t\t<span class=\"em-icon em-icon-calendar\"><\/span>\n\t\t\t\t<span>26 Dez. 26<\/span>\n\t\t\t<\/div>\n\t\t\t<div class=\"em-item-meta-line em-event-location em-event-meta-location\">\n\t\t\t\t<span class=\"em-icon em-icon-location\"><\/span>\n\t\t\t\t<span>Schw\u00e4bisch Gm\u00fcnd &#8211; Stra\u00dfdorf<\/span>\n\t\t\t<\/div>\n\t\t<\/div>\n\t<\/div>\n<\/div><li class=\"all-events-link\"><a href=\"https:\/\/www.liederkranz-strassdorf.de\/wp\/veranstaltungen\/\" title=\"Alle Termine und Veranstaltungen\">Alle Termine und Veranstaltungen<\/a><\/li><\/div><\/div>","protected":false},"excerpt":{"rendered":"<p>Unsere n\u00e4chsten Termine und Veranstaltungen<\/p>\n","protected":false},"author":1,"featured_media":0,"parent":0,"menu_order":0,"comment_status":"closed","ping_status":"closed","template":"","meta":{"site-sidebar-layout":"no-sidebar","site-content-layout":"","ast-site-content-layout":"default","site-content-style":"default","site-sidebar-style":"default","ast-global-header-display":"","ast-banner-title-visibility":"","ast-main-header-display":"","ast-hfb-above-header-display":"","ast-hfb-below-header-display":"","ast-hfb-mobile-header-display":"","site-post-title":"disabled","ast-breadcrumbs-content":"","ast-featured-img":"","footer-sml-layout":"","ast-disable-related-posts":"","theme-transparent-header-meta":"","adv-header-id-meta":"","stick-header-meta":"","header-above-stick-meta":"","header-main-stick-meta":"","header-below-stick-meta":"","astra-migrate-meta-layouts":"","ast-page-background-enabled":"default","ast-page-background-meta":{"desktop":{"background-color":"var(--ast-global-color-4)","background-image":"","background-repeat":"repeat","background-position":"center center","background-size":"auto","background-attachment":"scroll","background-type":"","background-media":"","overlay-type":"","overlay-color":"","overlay-opacity":"","overlay-gradient":""},"tablet":{"background-color":"","background-image":"","background-repeat":"repeat","background-position":"center center","background-size":"auto","background-attachment":"scroll","background-type":"","background-media":"","overlay-type":"","overlay-color":"","overlay-opacity":"","overlay-gradient":""},"mobile":{"background-color":"","background-image":"","background-repeat":"repeat","background-position":"center center","background-size":"auto","background-attachment":"scroll","background-type":"","background-media":"","overlay-type":"","overlay-color":"","overlay-opacity":"","overlay-gradient":""}},"ast-content-background-meta":{"desktop":{"background-color":"var(--ast-global-color-5)","background-image":"","background-repeat":"repeat","background-position":"center center","background-size":"auto","background-attachment":"scroll","background-type":"","background-media":"","overlay-type":"","overlay-color":"","overlay-opacity":"","overlay-gradient":""},"tablet":{"background-color":"var(--ast-global-color-5)","background-image":"","background-repeat":"repeat","background-position":"center center","background-size":"auto","background-attachment":"scroll","background-type":"","background-media":"","overlay-type":"","overlay-color":"","overlay-opacity":"","overlay-gradient":""},"mobile":{"background-color":"var(--ast-global-color-5)","background-image":"","background-repeat":"repeat","background-position":"center center","background-size":"auto","background-attachment":"scroll","background-type":"","background-media":"","overlay-type":"","overlay-color":"","overlay-opacity":"","overlay-gradient":""}},"pgc_sgb_lightbox_settings":"","footnotes":""},"class_list":["post-27","page","type-page","status-publish","hentry"],"_links":{"self":[{"href":"https:\/\/www.liederkranz-strassdorf.de\/wp\/wp-json\/wp\/v2\/pages\/27","targetHints":{"allow":["GET"]}}],"collection":[{"href":"https:\/\/www.liederkranz-strassdorf.de\/wp\/wp-json\/wp\/v2\/pages"}],"about":[{"href":"https:\/\/www.liederkranz-strassdorf.de\/wp\/wp-json\/wp\/v2\/types\/page"}],"author":[{"embeddable":true,"href":"https:\/\/www.liederkranz-strassdorf.de\/wp\/wp-json\/wp\/v2\/users\/1"}],"replies":[{"embeddable":true,"href":"https:\/\/www.liederkranz-strassdorf.de\/wp\/wp-json\/wp\/v2\/comments?post=27"}],"version-history":[{"count":6,"href":"https:\/\/www.liederkranz-strassdorf.de\/wp\/wp-json\/wp\/v2\/pages\/27\/revisions"}],"predecessor-version":[{"id":468,"href":"https:\/\/www.liederkranz-strassdorf.de\/wp\/wp-json\/wp\/v2\/pages\/27\/revisions\/468"}],"wp:attachment":[{"href":"https:\/\/www.liederkranz-strassdorf.de\/wp\/wp-json\/wp\/v2\/media?parent=27"}],"curies":[{"name":"wp","href":"https:\/\/api.w.org\/{rel}","templated":true}]}}